{"id":667,"date":"2018-10-03T14:30:03","date_gmt":"2018-10-03T12:30:03","guid":{"rendered":"https:\/\/ewiko-personal.de\/?page_id=667"},"modified":"2018-10-03T14:49:23","modified_gmt":"2018-10-03T12:49:23","slug":"branze","status":"publish","type":"page","link":"https:\/\/ewiko-personal.de\/pl\/branze\/","title":{"rendered":"Bran\u017ce"},"content":{"rendered":"<div class=\"wpb-content-wrapper\"><p>[vc_row row_type=&#8221;row&#8221; use_row_as_full_screen_section=&#8221;no&#8221; type=&#8221;grid&#8221; text_align=&#8221;left&#8221; background_animation=&#8221;none&#8221; css_animation=&#8221;&#8221; css=&#8221;.vc_custom_1536061558948{padding-top: 14% !important;background-image: url(https:\/\/ewiko-personal.de\/wp-content\/uploads\/2018\/09\/Branchen-1.jpg?id=528) !important;}&#8221;][vc_column width=&#8221;1\/4&#8243;][\/vc_column][vc_column css_animation=&#8221;zoomInRight&#8221; width=&#8221;1\/2&#8243; el_class=&#8221;uber-uns-01&#8243;][vc_column_text css=&#8221;.vc_custom_1538568293861{padding-top: 4% !important;padding-right: 4% !important;padding-bottom: 4% !important;padding-left: 4% !important;background-color: #efefef !important;}&#8221; el_class=&#8221;button-02&#8243;]<\/p>\n<h1>Bran\u017ce<\/h1>\n<p><img loading=\"lazy\" decoding=\"async\" class=\"alignnone wp-image-36 size-full\" src=\"https:\/\/ewiko-personal.de\/wp-content\/uploads\/2018\/08\/line.png\" alt=\"\" width=\"40\" height=\"5\" \/><\/p>\n<p>&nbsp;<\/p>\n<p>Wspieramy Pa\u0144stwa kompleksowo &#8211; od A-Z.<\/p>\n<p><a href=\"#branch\">Dowiedz si\u0119 wi\u0119cej<\/a>[\/vc_column_text][vc_single_image image=&#8221;49&#8243; img_size=&#8221;full&#8221; alignment=&#8221;right&#8221; qode_css_animation=&#8221;&#8221; el_class=&#8221;uber-uns-01-img&#8221;][\/vc_column][vc_column width=&#8221;1\/4&#8243;][\/vc_column][\/vc_row][vc_row row_type=&#8221;row&#8221; use_row_as_full_screen_section=&#8221;no&#8221; type=&#8221;full_width&#8221; text_align=&#8221;left&#8221; background_animation=&#8221;none&#8221; css_animation=&#8221;&#8221;][vc_column][qode_elements_holder number_of_columns=&#8221;one_column&#8221;][qode_elements_holder_item item_padding=&#8221;5% 0% 5% 0%&#8221;][\/qode_elements_holder_item][\/qode_elements_holder][\/vc_column][\/vc_row][vc_row row_type=&#8221;row&#8221; use_row_as_full_screen_section=&#8221;no&#8221; type=&#8221;grid&#8221; text_align=&#8221;left&#8221; background_animation=&#8221;none&#8221; css_animation=&#8221;&#8221; css=&#8221;.vc_custom_1536067605167{padding-top: 10px !important;padding-bottom: 10px !important;}&#8221; el_id=&#8221;branch&#8221;][vc_column css_animation=&#8221;zoomIn&#8221; width=&#8221;1\/3&#8243; el_class=&#8221;uber-uns-wys&#8221; css=&#8221;.vc_custom_1536061463240{padding-top: 10% !important;padding-right: 10% !important;padding-bottom: 61% !important;padding-left: 10% !important;background-image: url(https:\/\/ewiko-personal.de\/wp-content\/uploads\/2018\/09\/Branchen-medizin.jpg?id=525) !important;background-position: 0 0 !important;background-repeat: no-repeat !important;}&#8221;][vc_column_text el_class=&#8221;biale&#8221;]<\/p>\n<h3>Medycyna<br \/>\ni opieka (m\/k)<\/h3>\n<p>[\/vc_column_text][vc_single_image image=&#8221;253&#8243; img_size=&#8221;full&#8221; qode_css_animation=&#8221;&#8221;][\/vc_column][vc_column css_animation=&#8221;zoomIn&#8221; width=&#8221;2\/3&#8243;][qode_elements_holder number_of_columns=&#8221;one_column&#8221;][qode_elements_holder_item item_padding=&#8221;0% 0% 0% 6%&#8221; item_padding_600_768=&#8221;10% 0% 15% 0%&#8221; item_padding_480_600=&#8221;10% 0% 15% 0%&#8221; item_padding_480=&#8221;10% 0% 15% 0%&#8221;][vc_column_text]<\/p>\n<ul>\n<li>Wykwalifikowani pracownicy s\u0142u\u017cby zdrowia (m\/k)<\/li>\n<li>Wykwalifikowane opiekunki os\u00f3b starszych (m\/k)<\/li>\n<li>Sanitariusze (m\/k)<\/li>\n<li>Asystenci piel\u0119gniarek i opiekun\u00f3w os\u00f3b starszych (m\/k)<\/li>\n<li>Medyczni asystenci techniczni (m\/k)<\/li>\n<li>Asystenci ds. Radiologii medycznej i technicznej (m\/k)<\/li>\n<li>Asystenci technicznych sterylizacji (m\/k)<\/li>\n<li>Asystenci zaopatrzenia (m\/k)<\/li>\n<li>Pracownicy laboratorium (m\/k)<\/li>\n<li>Pomocnicy medyczni (m\/k)<\/li>\n<li>Lekarze specjali\u015bci (m\/k)<\/li>\n<\/ul>\n<p>[\/vc_column_text][\/qode_elements_holder_item][\/qode_elements_holder][\/vc_column][\/vc_row][vc_row row_type=&#8221;row&#8221; use_row_as_full_screen_section=&#8221;no&#8221; type=&#8221;grid&#8221; text_align=&#8221;left&#8221; background_animation=&#8221;none&#8221; css_animation=&#8221;&#8221; css=&#8221;.vc_custom_1535457034988{padding-top: 10px !important;padding-bottom: 10px !important;}&#8221;][vc_column css_animation=&#8221;zoomIn&#8221; width=&#8221;1\/3&#8243; el_class=&#8221;uber-uns-wys&#8221; css=&#8221;.vc_custom_1536061489977{padding-top: 10% !important;padding-right: 10% !important;padding-bottom: 61% !important;padding-left: 10% !important;background-image: url(https:\/\/ewiko-personal.de\/wp-content\/uploads\/2018\/09\/Branchen-production.jpg?id=526) !important;background-position: 0 0 !important;background-repeat: no-repeat !important;}&#8221;][vc_column_text el_class=&#8221;biale&#8221;]<\/p>\n<h3>Produkcja<br \/>\ni magazyn<\/h3>\n<p>[\/vc_column_text][vc_single_image image=&#8221;253&#8243; img_size=&#8221;full&#8221; qode_css_animation=&#8221;&#8221;][vc_single_image image=&#8221;164&#8243; img_size=&#8221;full&#8221; qode_css_animation=&#8221;&#8221; el_class=&#8221;anim1&#8243;][\/vc_column][vc_column css_animation=&#8221;zoomIn&#8221; width=&#8221;2\/3&#8243;][qode_elements_holder number_of_columns=&#8221;one_column&#8221;][qode_elements_holder_item item_padding=&#8221;0% 0% 0% 6%&#8221; item_padding_600_768=&#8221;10% 0% 15% 0%&#8221; item_padding_480_600=&#8221;10% 0% 15% 0%&#8221; item_padding_480=&#8221;10% 0% 15% 0%&#8221;][vc_column_text]<\/p>\n<ul>\n<li>Pracownicy hurtowni (m\/k)<\/li>\n<li>Pomocnicy logistyki i magazynu (m\/k)<\/li>\n<li>Pomocnicy kontroli jako\u015bci (m\/k)<\/li>\n<li>Asystenci produkcji (m\/k)<\/li>\n<li>Operatorzy w\u00f3zka wid\u0142owego (m\/k)<\/li>\n<li>Pomoc kuchenna (m\/k)<\/li>\n<li>Kierowcy (m\/k)<\/li>\n<\/ul>\n<p>[\/vc_column_text][\/qode_elements_holder_item][\/qode_elements_holder][\/vc_column][\/vc_row][vc_row row_type=&#8221;row&#8221; use_row_as_full_screen_section=&#8221;no&#8221; type=&#8221;grid&#8221; text_align=&#8221;left&#8221; background_animation=&#8221;none&#8221; css_animation=&#8221;&#8221; css=&#8221;.vc_custom_1535457034988{padding-top: 10px !important;padding-bottom: 10px !important;}&#8221;][vc_column css_animation=&#8221;zoomIn&#8221; width=&#8221;1\/3&#8243; el_class=&#8221;uber-uns-wys&#8221; css=&#8221;.vc_custom_1536061356249{padding-top: 10% !important;padding-right: 10% !important;padding-bottom: 61% !important;padding-left: 10% !important;background-image: url(https:\/\/ewiko-personal.de\/wp-content\/uploads\/2018\/09\/Branchen-industrie.jpg?id=522) !important;background-position: 0 0 !important;background-repeat: no-repeat !important;}&#8221;][vc_column_text el_class=&#8221;biale&#8221;]<\/p>\n<h3>Przemys\u0142<br \/>\ni instalacje<\/h3>\n<p>[\/vc_column_text][vc_single_image image=&#8221;253&#8243; img_size=&#8221;full&#8221; qode_css_animation=&#8221;&#8221;][\/vc_column][vc_column css_animation=&#8221;zoomIn&#8221; width=&#8221;2\/3&#8243;][qode_elements_holder number_of_columns=&#8221;one_column&#8221;][qode_elements_holder_item item_padding=&#8221;0% 0% 0% 6%&#8221; item_padding_600_768=&#8221;10% 0% 15% 0%&#8221; item_padding_480_600=&#8221;10% 0% 15% 0%&#8221; item_padding_480=&#8221;10% 0% 15% 0%&#8221;][vc_column_text]<\/p>\n<ul>\n<li>Elektrycy (m\/k)<\/li>\n<li>Elektronicy (m\/k)<\/li>\n<li>Instalatorzy gazu i wody\/ hydraulik (m\/k)<\/li>\n<li>Mechanicy maszyn i urz\u0105dze\u0144 (m\/k)<\/li>\n<li>Monterzy klimatyzacji (m\/k)<\/li>\n<li>Mechanicy przemys\u0142owi (m\/k)<\/li>\n<li>Spawacze i \u015blusarze (m\/k)<\/li>\n<li>Malarze i lakiernicy (m\/k)<\/li>\n<li>Mechatronicy (m\/k)<\/li>\n<li>Stolarze (m\/k)<\/li>\n<\/ul>\n<p>[\/vc_column_text][\/qode_elements_holder_item][\/qode_elements_holder][\/vc_column][\/vc_row][vc_row row_type=&#8221;row&#8221; use_row_as_full_screen_section=&#8221;no&#8221; type=&#8221;grid&#8221; text_align=&#8221;left&#8221; background_animation=&#8221;none&#8221; css_animation=&#8221;&#8221; css=&#8221;.vc_custom_1535457034988{padding-top: 10px !important;padding-bottom: 10px !important;}&#8221;][vc_column css_animation=&#8221;zoomIn&#8221; width=&#8221;1\/3&#8243; el_class=&#8221;uber-uns-wys&#8221; css=&#8221;.vc_custom_1536061420622{padding-top: 10% !important;padding-right: 10% !important;padding-bottom: 61% !important;padding-left: 10% !important;background-image: url(https:\/\/ewiko-personal.de\/wp-content\/uploads\/2018\/09\/Branchen-kaufmanscher.jpg?id=524) !important;background-position: 0 0 !important;background-repeat: no-repeat !important;}&#8221;][vc_column_text el_class=&#8221;biale&#8221;]<\/p>\n<h3>Biuro<br \/>\ni us\u0142ugi (m\/k)<\/h3>\n<p>[\/vc_column_text][vc_single_image image=&#8221;253&#8243; img_size=&#8221;full&#8221; qode_css_animation=&#8221;&#8221;][\/vc_column][vc_column css_animation=&#8221;zoomIn&#8221; width=&#8221;2\/3&#8243;][qode_elements_holder number_of_columns=&#8221;one_column&#8221;][qode_elements_holder_item item_padding=&#8221;0% 0% 0% 6%&#8221; item_padding_600_768=&#8221;10% 0% 15% 0%&#8221; item_padding_480_600=&#8221;10% 0% 15% 0%&#8221; item_padding_480=&#8221;10% 0% 15% 0%&#8221;][vc_column_text]<\/p>\n<ul>\n<li>Asystenci i pracownicy sekretariatu (m\/k)<\/li>\n<li>Bankowcy (m\/k)<\/li>\n<li>Spedytorzy (m\/k)<\/li>\n<li>Urz\u0119dnicy (m\/k)<\/li>\n<li>Pracownicy do marketingu i sprzeda\u017cy (m\/k)<\/li>\n<li>Urz\u0119dnicy podatkowi i ksi\u0119gowi (m\/k)<\/li>\n<li>Notariusze i Prawnicy (m\/k)<\/li>\n<li>Kierownicy i personel projektu (m\/k)<\/li>\n<\/ul>\n<p>[\/vc_column_text][\/qode_elements_holder_item][\/qode_elements_holder][\/vc_column][\/vc_row][vc_row row_type=&#8221;row&#8221; use_row_as_full_screen_section=&#8221;no&#8221; type=&#8221;grid&#8221; text_align=&#8221;left&#8221; background_animation=&#8221;none&#8221; css_animation=&#8221;&#8221; css=&#8221;.vc_custom_1535457034988{padding-top: 10px !important;padding-bottom: 10px !important;}&#8221;][vc_column css_animation=&#8221;zoomIn&#8221; width=&#8221;1\/3&#8243; el_class=&#8221;uber-uns-wys&#8221; css=&#8221;.vc_custom_1536061596512{padding-top: 10% !important;padding-right: 10% !important;padding-bottom: 61% !important;padding-left: 10% !important;background-image: url(https:\/\/ewiko-personal.de\/wp-content\/uploads\/2018\/09\/Branchen-call-centre.jpg?id=529) !important;background-position: 0 0 !important;background-repeat: no-repeat !important;}&#8221;][vc_column_text el_class=&#8221;biale&#8221;]<\/p>\n<h3>CALL<br \/>\nCENTER<\/h3>\n<p>[\/vc_column_text][vc_single_image image=&#8221;253&#8243; img_size=&#8221;full&#8221; qode_css_animation=&#8221;&#8221;][\/vc_column][vc_column css_animation=&#8221;zoomIn&#8221; width=&#8221;2\/3&#8243;][qode_elements_holder number_of_columns=&#8221;one_column&#8221;][qode_elements_holder_item item_padding=&#8221;0% 0% 0% 6%&#8221; item_padding_600_768=&#8221;10% 0% 15% 0%&#8221; item_padding_480_600=&#8221;10% 0% 15% 0%&#8221; item_padding_480=&#8221;10% 0% 15% 0%&#8221;][vc_column_text]<\/p>\n<ul>\n<li>Koordynatorzy Call Center<\/li>\n<li>Agenci Call Center<\/li>\n<li>Pracownicy First Level Support und Second Level Support<\/li>\n<\/ul>\n<p>[\/vc_column_text][\/qode_elements_holder_item][\/qode_elements_holder][qode_elements_holder number_of_columns=&#8221;one_column&#8221;][qode_elements_holder_item item_padding=&#8221;0% 0% 20% 0%&#8221;][\/qode_elements_holder_item][\/qode_elements_holder][vc_single_image image=&#8221;103&#8243; img_size=&#8221;full&#8221; alignment=&#8221;right&#8221; qode_css_animation=&#8221;&#8221; el_class=&#8221;anim&#8221;][vc_column_text]<\/p>\n<h3 style=\"text-align: right;\">&#8230;i wiele innych.<\/h3>\n<p>[\/vc_column_text][\/vc_column][\/vc_row][vc_row row_type=&#8221;row&#8221; use_row_as_full_screen_section=&#8221;no&#8221; type=&#8221;full_width&#8221; text_align=&#8221;left&#8221; background_animation=&#8221;none&#8221; css_animation=&#8221;&#8221;][vc_column][qode_elements_holder number_of_columns=&#8221;one_column&#8221;][qode_elements_holder_item item_padding=&#8221;0% 0% 5% 0%&#8221;][\/qode_elements_holder_item][\/qode_elements_holder][\/vc_column][\/vc_row]<\/p>\n<\/div>","protected":false},"excerpt":{"rendered":"<p>[vc_row row_type=&#8221;row&#8221; use_row_as_full_screen_section=&#8221;no&#8221; type=&#8221;grid&#8221; text_align=&#8221;left&#8221; background_animation=&#8221;none&#8221; css_animation=&#8221;&#8221; css=&#8221;.vc_custom_1536061558948{padding-top: 14% !important;background-image: url(https:\/\/ewiko-personal.de\/wp-content\/uploads\/2018\/09\/Branchen-1.jpg?id=528) !important;}&#8221;][vc_column width=&#8221;1\/4&#8243;][\/vc_column][vc_column css_animation=&#8221;zoomInRight&#8221; width=&#8221;1\/2&#8243; el_class=&#8221;uber-uns-01&#8243;][vc_column_text css=&#8221;.vc_custom_1538568293861{padding-top: 4% !important;padding-right: 4% !important;padding-bottom: 4% !important;padding-left: 4% !important;background-color: #efefef !important;}&#8221; el_class=&#8221;button-02&#8243;] Bran\u017ce &nbsp; Wspieramy Pa\u0144stwa kompleksowo &#8211; od A-Z. Dowiedz si\u0119 wi\u0119cej[\/vc_column_text][vc_single_image image=&#8221;49&#8243; img_size=&#8221;full&#8221; alignment=&#8221;right&#8221; qode_css_animation=&#8221;&#8221; el_class=&#8221;uber-uns-01-img&#8221;][\/vc_column][vc_column width=&#8221;1\/4&#8243;][\/vc_column][\/vc_row][vc_row&#8230;<\/p>\n","protected":false},"author":2,"featured_media":0,"parent":0,"menu_order":0,"comment_status":"closed","ping_status":"closed","template":"full_width.php","meta":{"footnotes":""},"class_list":["post-667","page","type-page","status-publish","hentry"],"yoast_head":"<!-- This site is optimized with the Yoast SEO plugin v27.5 - https:\/\/yoast.com\/product\/yoast-seo-wordpress\/ -->\n<title>Bran\u017ce - ewiko<\/title>\n<meta name=\"robots\" content=\"index, follow, max-snippet:-1, max-image-preview:large, max-video-preview:-1\" \/>\n<link rel=\"canonical\" href=\"https:\/\/ewiko-personal.de\/pl\/branze\/\" \/>\n<meta property=\"og:locale\" content=\"pl_PL\" \/>\n<meta property=\"og:type\" content=\"article\" \/>\n<meta property=\"og:title\" content=\"Bran\u017ce - ewiko\" \/>\n<meta property=\"og:description\" content=\"[vc_row row_type=&#8221;row&#8221; use_row_as_full_screen_section=&#8221;no&#8221; type=&#8221;grid&#8221; text_align=&#8221;left&#8221; background_animation=&#8221;none&#8221; css_animation=&#8221;&#8221; css=&#8221;.vc_custom_1536061558948{padding-top: 14% !important;background-image: url(https:\/\/ewiko-personal.de\/wp-content\/uploads\/2018\/09\/Branchen-1.jpg?id=528) !important;}&#8221;][vc_column width=&#8221;1\/4&#8243;][\/vc_column][vc_column css_animation=&#8221;zoomInRight&#8221; width=&#8221;1\/2&#8243; el_class=&#8221;uber-uns-01&#8243;][vc_column_text css=&#8221;.vc_custom_1538568293861{padding-top: 4% !important;padding-right: 4% !important;padding-bottom: 4% !important;padding-left: 4% !important;background-color: #efefef !important;}&#8221; el_class=&#8221;button-02&#8243;] Bran\u017ce &nbsp; Wspieramy Pa\u0144stwa kompleksowo &#8211; od A-Z. Dowiedz si\u0119 wi\u0119cej[\/vc_column_text][vc_single_image image=&#8221;49&#8243; img_size=&#8221;full&#8221; alignment=&#8221;right&#8221; qode_css_animation=&#8221;&#8221; el_class=&#8221;uber-uns-01-img&#8221;][\/vc_column][vc_column width=&#8221;1\/4&#8243;][\/vc_column][\/vc_row][vc_row...\" \/>\n<meta property=\"og:url\" content=\"https:\/\/ewiko-personal.de\/pl\/branze\/\" \/>\n<meta property=\"og:site_name\" content=\"ewiko\" \/>\n<meta property=\"article:modified_time\" content=\"2018-10-03T12:49:23+00:00\" \/>\n<meta property=\"og:image\" content=\"https:\/\/ewiko-personal.de\/wp-content\/uploads\/2018\/08\/line.png\" \/>\n<meta name=\"twitter:card\" content=\"summary_large_image\" \/>\n<meta name=\"twitter:label1\" content=\"Szacowany czas czytania\" \/>\n\t<meta name=\"twitter:data1\" content=\"6 minut\" \/>\n<script type=\"application\/ld+json\" class=\"yoast-schema-graph\">{\"@context\":\"https:\\\/\\\/schema.org\",\"@graph\":[{\"@type\":\"WebPage\",\"@id\":\"https:\\\/\\\/ewiko-personal.de\\\/pl\\\/branze\\\/\",\"url\":\"https:\\\/\\\/ewiko-personal.de\\\/pl\\\/branze\\\/\",\"name\":\"Bran\u017ce - ewiko\",\"isPartOf\":{\"@id\":\"https:\\\/\\\/ewiko-personal.de\\\/pl\\\/#website\"},\"primaryImageOfPage\":{\"@id\":\"https:\\\/\\\/ewiko-personal.de\\\/pl\\\/branze\\\/#primaryimage\"},\"image\":{\"@id\":\"https:\\\/\\\/ewiko-personal.de\\\/pl\\\/branze\\\/#primaryimage\"},\"thumbnailUrl\":\"https:\\\/\\\/ewiko-personal.de\\\/wp-content\\\/uploads\\\/2018\\\/08\\\/line.png\",\"datePublished\":\"2018-10-03T12:30:03+00:00\",\"dateModified\":\"2018-10-03T12:49:23+00:00\",\"breadcrumb\":{\"@id\":\"https:\\\/\\\/ewiko-personal.de\\\/pl\\\/branze\\\/#breadcrumb\"},\"inLanguage\":\"pl-PL\",\"potentialAction\":[{\"@type\":\"ReadAction\",\"target\":[\"https:\\\/\\\/ewiko-personal.de\\\/pl\\\/branze\\\/\"]}]},{\"@type\":\"ImageObject\",\"inLanguage\":\"pl-PL\",\"@id\":\"https:\\\/\\\/ewiko-personal.de\\\/pl\\\/branze\\\/#primaryimage\",\"url\":\"https:\\\/\\\/ewiko-personal.de\\\/wp-content\\\/uploads\\\/2018\\\/08\\\/line.png\",\"contentUrl\":\"https:\\\/\\\/ewiko-personal.de\\\/wp-content\\\/uploads\\\/2018\\\/08\\\/line.png\"},{\"@type\":\"BreadcrumbList\",\"@id\":\"https:\\\/\\\/ewiko-personal.de\\\/pl\\\/branze\\\/#breadcrumb\",\"itemListElement\":[{\"@type\":\"ListItem\",\"position\":1,\"name\":\"Startseite\",\"item\":\"https:\\\/\\\/ewiko-personal.de\\\/pl\\\/\"},{\"@type\":\"ListItem\",\"position\":2,\"name\":\"Bran\u017ce\"}]},{\"@type\":\"WebSite\",\"@id\":\"https:\\\/\\\/ewiko-personal.de\\\/pl\\\/#website\",\"url\":\"https:\\\/\\\/ewiko-personal.de\\\/pl\\\/\",\"name\":\"ewiko\",\"description\":\"regional und bundesweit t\u00e4tiger Personaldienstleister\",\"potentialAction\":[{\"@type\":\"SearchAction\",\"target\":{\"@type\":\"EntryPoint\",\"urlTemplate\":\"https:\\\/\\\/ewiko-personal.de\\\/pl\\\/?s={search_term_string}\"},\"query-input\":{\"@type\":\"PropertyValueSpecification\",\"valueRequired\":true,\"valueName\":\"search_term_string\"}}],\"inLanguage\":\"pl-PL\"}]}<\/script>\n<!-- \/ Yoast SEO plugin. -->","yoast_head_json":{"title":"Bran\u017ce - ewiko","robots":{"index":"index","follow":"follow","max-snippet":"max-snippet:-1","max-image-preview":"max-image-preview:large","max-video-preview":"max-video-preview:-1"},"canonical":"https:\/\/ewiko-personal.de\/pl\/branze\/","og_locale":"pl_PL","og_type":"article","og_title":"Bran\u017ce - ewiko","og_description":"[vc_row row_type=&#8221;row&#8221; use_row_as_full_screen_section=&#8221;no&#8221; type=&#8221;grid&#8221; text_align=&#8221;left&#8221; background_animation=&#8221;none&#8221; css_animation=&#8221;&#8221; css=&#8221;.vc_custom_1536061558948{padding-top: 14% !important;background-image: url(https:\/\/ewiko-personal.de\/wp-content\/uploads\/2018\/09\/Branchen-1.jpg?id=528) !important;}&#8221;][vc_column width=&#8221;1\/4&#8243;][\/vc_column][vc_column css_animation=&#8221;zoomInRight&#8221; width=&#8221;1\/2&#8243; el_class=&#8221;uber-uns-01&#8243;][vc_column_text css=&#8221;.vc_custom_1538568293861{padding-top: 4% !important;padding-right: 4% !important;padding-bottom: 4% !important;padding-left: 4% !important;background-color: #efefef !important;}&#8221; el_class=&#8221;button-02&#8243;] Bran\u017ce &nbsp; Wspieramy Pa\u0144stwa kompleksowo &#8211; od A-Z. Dowiedz si\u0119 wi\u0119cej[\/vc_column_text][vc_single_image image=&#8221;49&#8243; img_size=&#8221;full&#8221; alignment=&#8221;right&#8221; qode_css_animation=&#8221;&#8221; el_class=&#8221;uber-uns-01-img&#8221;][\/vc_column][vc_column width=&#8221;1\/4&#8243;][\/vc_column][\/vc_row][vc_row...","og_url":"https:\/\/ewiko-personal.de\/pl\/branze\/","og_site_name":"ewiko","article_modified_time":"2018-10-03T12:49:23+00:00","og_image":[{"url":"https:\/\/ewiko-personal.de\/wp-content\/uploads\/2018\/08\/line.png","type":"","width":"","height":""}],"twitter_card":"summary_large_image","twitter_misc":{"Szacowany czas czytania":"6 minut"},"schema":{"@context":"https:\/\/schema.org","@graph":[{"@type":"WebPage","@id":"https:\/\/ewiko-personal.de\/pl\/branze\/","url":"https:\/\/ewiko-personal.de\/pl\/branze\/","name":"Bran\u017ce - ewiko","isPartOf":{"@id":"https:\/\/ewiko-personal.de\/pl\/#website"},"primaryImageOfPage":{"@id":"https:\/\/ewiko-personal.de\/pl\/branze\/#primaryimage"},"image":{"@id":"https:\/\/ewiko-personal.de\/pl\/branze\/#primaryimage"},"thumbnailUrl":"https:\/\/ewiko-personal.de\/wp-content\/uploads\/2018\/08\/line.png","datePublished":"2018-10-03T12:30:03+00:00","dateModified":"2018-10-03T12:49:23+00:00","breadcrumb":{"@id":"https:\/\/ewiko-personal.de\/pl\/branze\/#breadcrumb"},"inLanguage":"pl-PL","potentialAction":[{"@type":"ReadAction","target":["https:\/\/ewiko-personal.de\/pl\/branze\/"]}]},{"@type":"ImageObject","inLanguage":"pl-PL","@id":"https:\/\/ewiko-personal.de\/pl\/branze\/#primaryimage","url":"https:\/\/ewiko-personal.de\/wp-content\/uploads\/2018\/08\/line.png","contentUrl":"https:\/\/ewiko-personal.de\/wp-content\/uploads\/2018\/08\/line.png"},{"@type":"BreadcrumbList","@id":"https:\/\/ewiko-personal.de\/pl\/branze\/#breadcrumb","itemListElement":[{"@type":"ListItem","position":1,"name":"Startseite","item":"https:\/\/ewiko-personal.de\/pl\/"},{"@type":"ListItem","position":2,"name":"Bran\u017ce"}]},{"@type":"WebSite","@id":"https:\/\/ewiko-personal.de\/pl\/#website","url":"https:\/\/ewiko-personal.de\/pl\/","name":"ewiko","description":"regional und bundesweit t\u00e4tiger Personaldienstleister","potentialAction":[{"@type":"SearchAction","target":{"@type":"EntryPoint","urlTemplate":"https:\/\/ewiko-personal.de\/pl\/?s={search_term_string}"},"query-input":{"@type":"PropertyValueSpecification","valueRequired":true,"valueName":"search_term_string"}}],"inLanguage":"pl-PL"}]}},"_links":{"self":[{"href":"https:\/\/ewiko-personal.de\/pl\/wp-json\/wp\/v2\/pages\/667","targetHints":{"allow":["GET"]}}],"collection":[{"href":"https:\/\/ewiko-personal.de\/pl\/wp-json\/wp\/v2\/pages"}],"about":[{"href":"https:\/\/ewiko-personal.de\/pl\/wp-json\/wp\/v2\/types\/page"}],"author":[{"embeddable":true,"href":"https:\/\/ewiko-personal.de\/pl\/wp-json\/wp\/v2\/users\/2"}],"replies":[{"embeddable":true,"href":"https:\/\/ewiko-personal.de\/pl\/wp-json\/wp\/v2\/comments?post=667"}],"version-history":[{"count":2,"href":"https:\/\/ewiko-personal.de\/pl\/wp-json\/wp\/v2\/pages\/667\/revisions"}],"predecessor-version":[{"id":682,"href":"https:\/\/ewiko-personal.de\/pl\/wp-json\/wp\/v2\/pages\/667\/revisions\/682"}],"wp:attachment":[{"href":"https:\/\/ewiko-personal.de\/pl\/wp-json\/wp\/v2\/media?parent=667"}],"curies":[{"name":"wp","href":"https:\/\/api.w.org\/{rel}","templated":true}]}}